{"id":11910,"date":"2023-05-22T11:30:37","date_gmt":"2023-05-22T15:30:37","guid":{"rendered":"https:\/\/www.downtownworcester.org\/event\/eduardo-ortiz-latin-jazz-el-tiempo-pasa-album-release\/"},"modified":"2023-05-22T11:30:37","modified_gmt":"2023-05-22T15:30:37","slug":"eduardo-ortiz-latin-jazz-el-tiempo-pasa-album-release","status":"publish","type":"tribe_events","link":"https:\/\/www.downtownworcester.org\/es\/event\/eduardo-ortiz-latin-jazz-el-tiempo-pasa-album-release\/","title":{"rendered":"Eduardo Ortiz Latin Jazz \u00abEl tiempo pasa\u00bb album release"},"content":{"rendered":"<p>It is a great pleasure to present to you the release of my first Latin Jazz album and production \u201cEl tiempo pasa\u201d. Latin jazz is a genre that merges jazz with Latin American rhythms. The main influences found in this production are Afro-Caribbean jazz, rhythmically based on Cuba, rhythms from the Dominican Republic, Afro-Brazilian jazz, samba, and bossa nova. My Latin Jazz invites its audiences to dance and enliven the spirit! My name is Eduardo Ortiz, I am a professional musician born in the Dominican Republic, with more than 50 years of experience in the industry and it is an honor to share the release of this album with the Worcester community. <\/p>\n<p>Es un placer poder presentarles mi primer disco y producci\u00f3n de Lat\u00edn Jazz \u00ab\u00bbEl tiempo pasa\u00bb.<br \/>\nEl Latin Jazz es un g\u00e9nero que combina el Jazz con ritmos de Latinoam\u00e9rica. Algunas de las influencias principales que encontrar\u00e1n en mi producci\u00f3n son Jazz Afrocaribe\u00f1o originado en Cuba, ritmos de m\u00fasica bailable de mi Rep\u00fablica Dominicana, ritmos Afro-Brasile\u00f1os, Samba y Bossa Nova. Mi misi\u00f3n art\u00edstica consiste en invitar a mi p\u00fablico a bailar y m\u00e1s que nada en alegrar el alma. Mi nombre es Eduardo Ortiz, soy m\u00fasico profesional, dominicano, con m\u00e1s de 50 a\u00f1os de experiencia en la industria y es un honor poder compartir el lanzamiento de \u00e9ste disco con la comunidad de Worcester. <\/p>\n<p>\u00abThis program is supported in part by a grant from the Worcester Arts Council, which was made possible with American Rescue Plan Act (ARPA) Funding from the City of Worcester.\u00bb<\/p>\n","protected":false},"excerpt":{"rendered":"<p>It is a great pleasure to present to you the release of my first Latin Jazz album and production \u201cEl tiempo pasa\u201d. Latin jazz is a genre that merges jazz with Latin American rhythms. The main influences found in this production are Afro-Caribbean jazz, rhythmically based on Cuba, rhythms from &hellip;<\/p>\n","protected":false},"author":3,"featured_media":11911,"comment_status":"open","ping_status":"open","template":"","meta":{"_acf_changed":false,"_tribe_events_status":"","_tribe_events_status_reason":"","footnotes":""},"tags":[],"tribe_events_cat":[8],"class_list":["post-11910","tribe_events","type-tribe_events","status-publish","has-post-thumbnail","hentry","tribe_events_cat-music","cat_music"],"acf":[],"yoast_head":"<!-- This site is optimized with the Yoast SEO plugin v23.1 - https:\/\/yoast.com\/wordpress\/plugins\/seo\/ -->\n<title>Eduardo Ortiz Latin Jazz &quot;El tiempo pasa&quot; album release - Downtown Worcester<\/title>\n<meta name=\"robots\" content=\"index, follow, max-snippet:-1, max-image-preview:large, max-video-preview:-1\" \/>\n<link rel=\"canonical\" href=\"https:\/\/www.downtownworcester.org\/es\/event\/eduardo-ortiz-latin-jazz-el-tiempo-pasa-album-release\/\" \/>\n<meta property=\"og:locale\" content=\"es_ES\" \/>\n<meta property=\"og:type\" content=\"article\" \/>\n<meta property=\"og:title\" content=\"Eduardo Ortiz Latin Jazz &quot;El tiempo pasa&quot; album release - Downtown Worcester\" \/>\n<meta property=\"og:description\" content=\"It is a great pleasure to present to you the release of my first Latin Jazz album and production \u201cEl tiempo pasa\u201d. Latin jazz is a genre that merges jazz with Latin American rhythms. The main influences found in this production are Afro-Caribbean jazz, rhythmically based on Cuba, rhythms from &hellip;\" \/>\n<meta property=\"og:url\" content=\"https:\/\/www.downtownworcester.org\/es\/event\/eduardo-ortiz-latin-jazz-el-tiempo-pasa-album-release\/\" \/>\n<meta property=\"og:site_name\" content=\"Downtown Worcester\" \/>\n<meta property=\"article:publisher\" content=\"https:\/\/www.facebook.com\/DowntownWorcesterBID\" \/>\n<meta property=\"og:image\" content=\"https:\/\/www.downtownworcester.org\/wp-content\/uploads\/2023\/05\/eduardo-ortiz-latin-jazz-el-tiempo-pasa-album-release-mhaq0pyg.jpg\" \/>\n\t<meta property=\"og:image:width\" content=\"1080\" \/>\n\t<meta property=\"og:image:height\" content=\"1080\" \/>\n\t<meta property=\"og:image:type\" content=\"image\/png\" \/>\n<meta name=\"twitter:card\" content=\"summary_large_image\" \/>\n<meta name=\"twitter:label1\" content=\"Tiempo de lectura\" \/>\n\t<meta name=\"twitter:data1\" content=\"1 minuto\" \/>\n<script type=\"application\/ld+json\" class=\"yoast-schema-graph\">{\"@context\":\"https:\/\/schema.org\",\"@graph\":[{\"@type\":\"WebPage\",\"@id\":\"https:\/\/www.downtownworcester.org\/es\/event\/eduardo-ortiz-latin-jazz-el-tiempo-pasa-album-release\/\",\"url\":\"https:\/\/www.downtownworcester.org\/es\/event\/eduardo-ortiz-latin-jazz-el-tiempo-pasa-album-release\/\",\"name\":\"Eduardo Ortiz Latin Jazz \\\"El tiempo pasa\\\" album release - Downtown Worcester\",\"isPartOf\":{\"@id\":\"https:\/\/www.downtownworcester.org\/es\/#website\"},\"primaryImageOfPage\":{\"@id\":\"https:\/\/www.downtownworcester.org\/es\/event\/eduardo-ortiz-latin-jazz-el-tiempo-pasa-album-release\/#primaryimage\"},\"image\":{\"@id\":\"https:\/\/www.downtownworcester.org\/es\/event\/eduardo-ortiz-latin-jazz-el-tiempo-pasa-album-release\/#primaryimage\"},\"thumbnailUrl\":\"https:\/\/www.downtownworcester.org\/wp-content\/uploads\/2023\/05\/eduardo-ortiz-latin-jazz-el-tiempo-pasa-album-release-mhaq0pyg.jpg\",\"datePublished\":\"2023-05-22T15:30:37+00:00\",\"dateModified\":\"2023-05-22T15:30:37+00:00\",\"breadcrumb\":{\"@id\":\"https:\/\/www.downtownworcester.org\/es\/event\/eduardo-ortiz-latin-jazz-el-tiempo-pasa-album-release\/#breadcrumb\"},\"inLanguage\":\"es\",\"potentialAction\":[{\"@type\":\"ReadAction\",\"target\":[\"https:\/\/www.downtownworcester.org\/es\/event\/eduardo-ortiz-latin-jazz-el-tiempo-pasa-album-release\/\"]}]},{\"@type\":\"ImageObject\",\"inLanguage\":\"es\",\"@id\":\"https:\/\/www.downtownworcester.org\/es\/event\/eduardo-ortiz-latin-jazz-el-tiempo-pasa-album-release\/#primaryimage\",\"url\":\"https:\/\/www.downtownworcester.org\/wp-content\/uploads\/2023\/05\/eduardo-ortiz-latin-jazz-el-tiempo-pasa-album-release-mhaq0pyg.jpg\",\"contentUrl\":\"https:\/\/www.downtownworcester.org\/wp-content\/uploads\/2023\/05\/eduardo-ortiz-latin-jazz-el-tiempo-pasa-album-release-mhaq0pyg.jpg\",\"width\":1080,\"height\":1080},{\"@type\":\"BreadcrumbList\",\"@id\":\"https:\/\/www.downtownworcester.org\/es\/event\/eduardo-ortiz-latin-jazz-el-tiempo-pasa-album-release\/#breadcrumb\",\"itemListElement\":[{\"@type\":\"ListItem\",\"position\":1,\"name\":\"Home\",\"item\":\"https:\/\/www.downtownworcester.org\/es\/\"},{\"@type\":\"ListItem\",\"position\":2,\"name\":\"Eventos\",\"item\":\"https:\/\/www.downtownworcester.org\/es\/events\/\"},{\"@type\":\"ListItem\",\"position\":3,\"name\":\"Eduardo Ortiz Latin Jazz &#8220;El tiempo pasa&#8221; album release\"}]},{\"@type\":\"WebSite\",\"@id\":\"https:\/\/www.downtownworcester.org\/es\/#website\",\"url\":\"https:\/\/www.downtownworcester.org\/es\/\",\"name\":\"Downtown Worcester\",\"description\":\"Downtown Worcester Business Improvement District | It&#039;s all here!\",\"publisher\":{\"@id\":\"https:\/\/www.downtownworcester.org\/es\/#organization\"},\"potentialAction\":[{\"@type\":\"SearchAction\",\"target\":{\"@type\":\"EntryPoint\",\"urlTemplate\":\"https:\/\/www.downtownworcester.org\/es\/?s={search_term_string}\"},\"query-input\":\"required name=search_term_string\"}],\"inLanguage\":\"es\"},{\"@type\":\"Organization\",\"@id\":\"https:\/\/www.downtownworcester.org\/es\/#organization\",\"name\":\"Downtown Worcester\",\"url\":\"https:\/\/www.downtownworcester.org\/es\/\",\"logo\":{\"@type\":\"ImageObject\",\"inLanguage\":\"es\",\"@id\":\"https:\/\/www.downtownworcester.org\/es\/#\/schema\/logo\/image\/\",\"url\":\"https:\/\/www.downtownworcester.org\/wp-content\/uploads\/2023\/01\/WorcesterLogos-02.png\",\"contentUrl\":\"https:\/\/www.downtownworcester.org\/wp-content\/uploads\/2023\/01\/WorcesterLogos-02.png\",\"width\":3655,\"height\":877,\"caption\":\"Downtown Worcester\"},\"image\":{\"@id\":\"https:\/\/www.downtownworcester.org\/es\/#\/schema\/logo\/image\/\"},\"sameAs\":[\"https:\/\/www.facebook.com\/DowntownWorcesterBID\",\"https:\/\/www.instagram.com\/downtownworcesterbid\/\",\"https:\/\/www.linkedin.com\/company\/downtown-worcester-business-improvement-district\/\"]}]}<\/script>\n<!-- \/ Yoast SEO plugin. -->","yoast_head_json":{"title":"Eduardo Ortiz Latin Jazz \"El tiempo pasa\" album release - Downtown Worcester","robots":{"index":"index","follow":"follow","max-snippet":"max-snippet:-1","max-image-preview":"max-image-preview:large","max-video-preview":"max-video-preview:-1"},"canonical":"https:\/\/www.downtownworcester.org\/es\/event\/eduardo-ortiz-latin-jazz-el-tiempo-pasa-album-release\/","og_locale":"es_ES","og_type":"article","og_title":"Eduardo Ortiz Latin Jazz \"El tiempo pasa\" album release - Downtown Worcester","og_description":"It is a great pleasure to present to you the release of my first Latin Jazz album and production \u201cEl tiempo pasa\u201d. Latin jazz is a genre that merges jazz with Latin American rhythms. The main influences found in this production are Afro-Caribbean jazz, rhythmically based on Cuba, rhythms from &hellip;","og_url":"https:\/\/www.downtownworcester.org\/es\/event\/eduardo-ortiz-latin-jazz-el-tiempo-pasa-album-release\/","og_site_name":"Downtown Worcester","article_publisher":"https:\/\/www.facebook.com\/DowntownWorcesterBID","og_image":[{"width":1080,"height":1080,"url":"https:\/\/www.downtownworcester.org\/wp-content\/uploads\/2023\/05\/eduardo-ortiz-latin-jazz-el-tiempo-pasa-album-release-mhaq0pyg.jpg","type":"image\/png"}],"twitter_card":"summary_large_image","twitter_misc":{"Tiempo de lectura":"1 minuto"},"schema":{"@context":"https:\/\/schema.org","@graph":[{"@type":"WebPage","@id":"https:\/\/www.downtownworcester.org\/es\/event\/eduardo-ortiz-latin-jazz-el-tiempo-pasa-album-release\/","url":"https:\/\/www.downtownworcester.org\/es\/event\/eduardo-ortiz-latin-jazz-el-tiempo-pasa-album-release\/","name":"Eduardo Ortiz Latin Jazz \"El tiempo pasa\" album release - Downtown Worcester","isPartOf":{"@id":"https:\/\/www.downtownworcester.org\/es\/#website"},"primaryImageOfPage":{"@id":"https:\/\/www.downtownworcester.org\/es\/event\/eduardo-ortiz-latin-jazz-el-tiempo-pasa-album-release\/#primaryimage"},"image":{"@id":"https:\/\/www.downtownworcester.org\/es\/event\/eduardo-ortiz-latin-jazz-el-tiempo-pasa-album-release\/#primaryimage"},"thumbnailUrl":"https:\/\/www.downtownworcester.org\/wp-content\/uploads\/2023\/05\/eduardo-ortiz-latin-jazz-el-tiempo-pasa-album-release-mhaq0pyg.jpg","datePublished":"2023-05-22T15:30:37+00:00","dateModified":"2023-05-22T15:30:37+00:00","breadcrumb":{"@id":"https:\/\/www.downtownworcester.org\/es\/event\/eduardo-ortiz-latin-jazz-el-tiempo-pasa-album-release\/#breadcrumb"},"inLanguage":"es","potentialAction":[{"@type":"ReadAction","target":["https:\/\/www.downtownworcester.org\/es\/event\/eduardo-ortiz-latin-jazz-el-tiempo-pasa-album-release\/"]}]},{"@type":"ImageObject","inLanguage":"es","@id":"https:\/\/www.downtownworcester.org\/es\/event\/eduardo-ortiz-latin-jazz-el-tiempo-pasa-album-release\/#primaryimage","url":"https:\/\/www.downtownworcester.org\/wp-content\/uploads\/2023\/05\/eduardo-ortiz-latin-jazz-el-tiempo-pasa-album-release-mhaq0pyg.jpg","contentUrl":"https:\/\/www.downtownworcester.org\/wp-content\/uploads\/2023\/05\/eduardo-ortiz-latin-jazz-el-tiempo-pasa-album-release-mhaq0pyg.jpg","width":1080,"height":1080},{"@type":"BreadcrumbList","@id":"https:\/\/www.downtownworcester.org\/es\/event\/eduardo-ortiz-latin-jazz-el-tiempo-pasa-album-release\/#breadcrumb","itemListElement":[{"@type":"ListItem","position":1,"name":"Home","item":"https:\/\/www.downtownworcester.org\/es\/"},{"@type":"ListItem","position":2,"name":"Eventos","item":"https:\/\/www.downtownworcester.org\/es\/events\/"},{"@type":"ListItem","position":3,"name":"Eduardo Ortiz Latin Jazz &#8220;El tiempo pasa&#8221; album release"}]},{"@type":"WebSite","@id":"https:\/\/www.downtownworcester.org\/es\/#website","url":"https:\/\/www.downtownworcester.org\/es\/","name":"Downtown Worcester","description":"Downtown Worcester Business Improvement District | It&#039;s all here!","publisher":{"@id":"https:\/\/www.downtownworcester.org\/es\/#organization"},"potentialAction":[{"@type":"SearchAction","target":{"@type":"EntryPoint","urlTemplate":"https:\/\/www.downtownworcester.org\/es\/?s={search_term_string}"},"query-input":"required name=search_term_string"}],"inLanguage":"es"},{"@type":"Organization","@id":"https:\/\/www.downtownworcester.org\/es\/#organization","name":"Downtown Worcester","url":"https:\/\/www.downtownworcester.org\/es\/","logo":{"@type":"ImageObject","inLanguage":"es","@id":"https:\/\/www.downtownworcester.org\/es\/#\/schema\/logo\/image\/","url":"https:\/\/www.downtownworcester.org\/wp-content\/uploads\/2023\/01\/WorcesterLogos-02.png","contentUrl":"https:\/\/www.downtownworcester.org\/wp-content\/uploads\/2023\/01\/WorcesterLogos-02.png","width":3655,"height":877,"caption":"Downtown Worcester"},"image":{"@id":"https:\/\/www.downtownworcester.org\/es\/#\/schema\/logo\/image\/"},"sameAs":["https:\/\/www.facebook.com\/DowntownWorcesterBID","https:\/\/www.instagram.com\/downtownworcesterbid\/","https:\/\/www.linkedin.com\/company\/downtown-worcester-business-improvement-district\/"]}]}},"_links":{"self":[{"href":"https:\/\/www.downtownworcester.org\/es\/wp-json\/wp\/v2\/tribe_events\/11910","targetHints":{"allow":["GET"]}}],"collection":[{"href":"https:\/\/www.downtownworcester.org\/es\/wp-json\/wp\/v2\/tribe_events"}],"about":[{"href":"https:\/\/www.downtownworcester.org\/es\/wp-json\/wp\/v2\/types\/tribe_events"}],"author":[{"embeddable":true,"href":"https:\/\/www.downtownworcester.org\/es\/wp-json\/wp\/v2\/users\/3"}],"replies":[{"embeddable":true,"href":"https:\/\/www.downtownworcester.org\/es\/wp-json\/wp\/v2\/comments?post=11910"}],"version-history":[{"count":0,"href":"https:\/\/www.downtownworcester.org\/es\/wp-json\/wp\/v2\/tribe_events\/11910\/revisions"}],"wp:featuredmedia":[{"embeddable":true,"href":"https:\/\/www.downtownworcester.org\/es\/wp-json\/wp\/v2\/media\/11911"}],"wp:attachment":[{"href":"https:\/\/www.downtownworcester.org\/es\/wp-json\/wp\/v2\/media?parent=11910"}],"wp:term":[{"taxonomy":"post_tag","embeddable":true,"href":"https:\/\/www.downtownworcester.org\/es\/wp-json\/wp\/v2\/tags?post=11910"},{"taxonomy":"tribe_events_cat","embeddable":true,"href":"https:\/\/www.downtownworcester.org\/es\/wp-json\/wp\/v2\/tribe_events_cat?post=11910"}],"curies":[{"name":"wp","href":"https:\/\/api.w.org\/{rel}","templated":true}]}}